{"id":653,"date":"2014-06-18T12:49:19","date_gmt":"2014-06-18T11:49:19","guid":{"rendered":"http:\/\/prohumanitaet.tradino-gbr.de\/?page_id=653"},"modified":"2020-12-09T11:18:45","modified_gmt":"2020-12-09T10:18:45","slug":"med-basisversorgung","status":"publish","type":"page","link":"https:\/\/pro-humanitaet.de\/fr\/projekte\/im-niger\/med-basisversorgung\/","title":{"rendered":"Med. Basisversorgung"},"content":{"rendered":"<div id='full_slider_1'  class='avia-fullwidth-slider main_color avia-shadow   avia-builder-el-0  el_before_av_section  avia-builder-el-first   container_wrap sidebar_right'  ><div  class='avia-slideshow av-kbtb70t5-e564951bc0c59a609bf7378e7475629d avia-slideshow-featured_large av_slideshow_full avia-slide-slider av-slideshow-ui av-control-default av-slideshow-manual av-loop-once av-loop-manual-endless av-default-height-applied   avia-slideshow-1' data-slideshow-options=\"{&quot;animation&quot;:&quot;slide&quot;,&quot;autoplay&quot;:false,&quot;loop_autoplay&quot;:&quot;once&quot;,&quot;interval&quot;:5,&quot;loop_manual&quot;:&quot;manual-endless&quot;,&quot;autoplay_stopper&quot;:false,&quot;noNavigation&quot;:false,&quot;bg_slider&quot;:false,&quot;keep_padding&quot;:false,&quot;hoverpause&quot;:false,&quot;show_slide_delay&quot;:0}\"  itemprop=\"image\" itemscope=\"itemscope\" itemtype=\"https:\/\/schema.org\/ImageObject\" ><ul class='avia-slideshow-inner' style='padding-bottom: 41.71875%;'><li  class='avia-slideshow-slide av-kbtb70t5-e564951bc0c59a609bf7378e7475629d__0  av-single-slide slide-1 slide-odd'><div data-rel='slideshow-1' class='avia-slide-wrap'   ><img decoding=\"async\" class=\"wp-image-5136 avia-img-lazy-loading-not-5136\"  src=\"https:\/\/pro-humanitaet.de\/wp-content\/uploads\/2020\/06\/header_niger_medizinische-basisversorgung.jpg\" width=\"1280\" height=\"534\" title='OLYMPUS DIGITAL CAMERA' alt=''  itemprop=\"thumbnailUrl\" srcset=\"https:\/\/pro-humanitaet.de\/wp-content\/uploads\/2020\/06\/header_niger_medizinische-basisversorgung.jpg 1280w, https:\/\/pro-humanitaet.de\/wp-content\/uploads\/2020\/06\/header_niger_medizinische-basisversorgung-300x125.jpg 300w, https:\/\/pro-humanitaet.de\/wp-content\/uploads\/2020\/06\/header_niger_medizinische-basisversorgung-1030x430.jpg 1030w, https:\/\/pro-humanitaet.de\/wp-content\/uploads\/2020\/06\/header_niger_medizinische-basisversorgung-768x320.jpg 768w, https:\/\/pro-humanitaet.de\/wp-content\/uploads\/2020\/06\/header_niger_medizinische-basisversorgung-705x294.jpg 705w\" sizes=\"(max-width: 1280px) 100vw, 1280px\" \/><\/div><\/li><\/ul><\/div><\/div>\n<div id='av_section_1'  class='avia-section av-2h1s-3f80a172665769766d6b09f234de0132 main_color avia-section-large avia-no-border-styling  avia-builder-el-1  el_after_av_slideshow_full  el_before_av_section  avia-bg-style-scroll container_wrap sidebar_right'  ><div class='container av-section-cont-open' ><div class='template-page content  av-content-small alpha units'><div class='post-entry post-entry-type-page post-entry-653'><div class='entry-content-wrapper clearfix'>\n\n<style type=\"text\/css\" data-created_by=\"avia_inline_auto\" id=\"style-css-av-om16-49603b053088c06551551828238ed421\">\n.flex_column.av-om16-49603b053088c06551551828238ed421{\n-webkit-border-radius:0px 0px 0px 0px;\n-moz-border-radius:0px 0px 0px 0px;\nborder-radius:0px 0px 0px 0px;\npadding:0px 10% 0px 10%;\n}\n<\/style>\n<div class='flex_column av-om16-49603b053088c06551551828238ed421 av_one_full  avia-builder-el-2  el_before_av_one_half  avia-builder-el-first  first av-break-at-tablet flex_column_div'     ><section  class='av_textblock_section av-k9v8z92v-14a976d1e6391983a798dab28a40adf0'  itemscope=\"itemscope\" itemtype=\"https:\/\/schema.org\/CreativeWork\" ><div class='avia_textblock'  itemprop=\"text\" ><h1 style=\"text-align: center;\">Soins de base<\/h1>\n<h2 style=\"text-align: center;\">Projets d'aide \u00e0 la sant\u00e9 des populations<b><br \/>\n<\/b><\/h2>\n<\/div><\/section><br \/>\n\n<style type=\"text\/css\" data-created_by=\"avia_inline_auto\" id=\"style-css-av-dr8-a6370266303e52f4b5c1e39a44d9b4a3\">\n#top .hr.hr-invisible.av-dr8-a6370266303e52f4b5c1e39a44d9b4a3{\nheight:20px;\n}\n<\/style>\n<div  class='hr av-dr8-a6370266303e52f4b5c1e39a44d9b4a3 hr-invisible  avia-builder-el-4  el_after_av_textblock  el_before_av_textblock'><span class='hr-inner'><span class=\"hr-inner-style\"><\/span><\/span><\/div><br \/>\n<section  class='av_textblock_section av-k60w-b02aaf5ba09e877398fe611c8d170bde'  itemscope=\"itemscope\" itemtype=\"https:\/\/schema.org\/CreativeWork\" ><div class='avia_textblock'  itemprop=\"text\" ><p>Au cours de ses premi\u00e8res ann\u00e9es, l\u2019ONG APH a contribu\u00e9 \u00e0 l\u2019am\u00e9lioration des soins m\u00e9dicaux de base des populations nig\u00e9riennes, principalement \u00e0 la demande des \u00e9v\u00each\u00e9s de Niamey et de Maradi, par exemple dans les cas de p\u00e9nurie de certains m\u00e9dicaments. Ensuite, le dispensaire public de Makalondi, qui se trouvait alors dans un \u00e9tat de d\u00e9t\u00e9rioration tr\u00e8s avanc\u00e9, a partiellement \u00e9t\u00e9 reconstruit en collaboration avec l'archidioc\u00e8se de Niamey. Sa maternit\u00e9 notamment et une partie du toit du dispensaire n\u00e9cessitaient des r\u00e9parations urgentes. Comme ce centre de sant\u00e9, d\u00e9j\u00e0 \u00e0 l'\u00e9poque, fournissait \u00e0 lui seul des soins \u00e0 environ 300 000 personnes au c\u0153ur d\u2019un large bassin de population, le dioc\u00e8se a d\u00e9cid\u00e9 d\u2019intervenir, m\u00eame si le centre de sant\u00e9 \u00e9tait une institution publique.<\/p>\n<\/div><\/section><\/p><\/div>\n<style type=\"text\/css\" data-created_by=\"avia_inline_auto\" id=\"style-css-av-qga51-9880715c53d1e9dc0201a33dd1791d99\">\n.flex_column.av-qga51-9880715c53d1e9dc0201a33dd1791d99{\n-webkit-border-radius:0px 0px 0px 0px;\n-moz-border-radius:0px 0px 0px 0px;\nborder-radius:0px 0px 0px 0px;\npadding:0px 0 0px 10%;\n}\n<\/style>\n<div class='flex_column av-qga51-9880715c53d1e9dc0201a33dd1791d99 av_one_half  avia-builder-el-6  el_after_av_one_full  el_before_av_one_half  first flex_column_div column-top-margin'     ><p>\n<style type=\"text\/css\" data-created_by=\"avia_inline_auto\" id=\"style-css-av-dr8-3df8c490e038156e7648554f9a191fbd\">\n#top .hr.hr-invisible.av-dr8-3df8c490e038156e7648554f9a191fbd{\nheight:25px;\n}\n<\/style>\n<div  class='hr av-dr8-3df8c490e038156e7648554f9a191fbd hr-invisible  avia-builder-el-7  el_before_av_image  avia-builder-el-first'><span class='hr-inner'><span class=\"hr-inner-style\"><\/span><\/span><\/div><br \/>\n\n<style type=\"text\/css\" data-created_by=\"avia_inline_auto\" id=\"style-css-av-kdpup32o-b4358deb74ca4a0ad31c9723fb502a7e\">\n.avia-image-container.av-kdpup32o-b4358deb74ca4a0ad31c9723fb502a7e img.avia_image{\nbox-shadow:none;\n}\n.avia-image-container.av-kdpup32o-b4358deb74ca4a0ad31c9723fb502a7e .av-image-caption-overlay-center{\ncolor:#ffffff;\n}\n<\/style>\n<div  class='avia-image-container av-kdpup32o-b4358deb74ca4a0ad31c9723fb502a7e av-styling-no-styling avia_animated_image av-animated-when-visible-95 pop-up avia-align-center  avia-builder-el-8  el_after_av_hr  avia-builder-el-last  av-has-copyright av-copyright-always'   itemprop=\"image\" itemscope=\"itemscope\" itemtype=\"https:\/\/schema.org\/ImageObject\" ><div class=\"avia-image-container-inner\"><div class=\"avia-image-overlay-wrap\"><img decoding=\"async\" class='wp-image-6624 avia-img-lazy-loading-not-6624 avia_image' src=\"https:\/\/pro-humanitaet.de\/wp-content\/uploads\/2020\/08\/aph-niger-med-basisversorgung-beitragsbild.jpg\" alt='Apotheke im Niger' title='Apotheke im Niger'  height=\"450\" width=\"600\"  itemprop=\"thumbnailUrl\" srcset=\"https:\/\/pro-humanitaet.de\/wp-content\/uploads\/2020\/08\/aph-niger-med-basisversorgung-beitragsbild.jpg 600w, https:\/\/pro-humanitaet.de\/wp-content\/uploads\/2020\/08\/aph-niger-med-basisversorgung-beitragsbild-300x225.jpg 300w\" sizes=\"(max-width: 600px) 100vw, 600px\" \/><\/div><small class=\"avia-copyright\">&copy; Aktion Pro Humanit\u00e4t<\/small><\/div><\/div><\/p><\/div>\n<style type=\"text\/css\" data-created_by=\"avia_inline_auto\" id=\"style-css-av-lezwl-176bb1761ff80866430d5389d8119fc6\">\n.flex_column.av-lezwl-176bb1761ff80866430d5389d8119fc6{\n-webkit-border-radius:0px 0px 0px 0px;\n-moz-border-radius:0px 0px 0px 0px;\nborder-radius:0px 0px 0px 0px;\npadding:0px 10% 0px 0;\n}\n<\/style>\n<div class='flex_column av-lezwl-176bb1761ff80866430d5389d8119fc6 av_one_half  avia-builder-el-9  el_after_av_one_half  el_before_av_one_half  flex_column_div column-top-margin'     ><section  class='av_textblock_section av-k60w-b02aaf5ba09e877398fe611c8d170bde'  itemscope=\"itemscope\" itemtype=\"https:\/\/schema.org\/CreativeWork\" ><div class='avia_textblock'  itemprop=\"text\" ><p class=\" translation-block\">L'\u00e9tape suivante a consist\u00e9 \u00e0 am\u00e9liorer l'approvisionnement en m\u00e9dicaments des habitants de la r\u00e9gion par la construction d\u2019une pharmacie \u00e0 c\u00f4t\u00e9 du dispensaire, g\u00e9r\u00e9e par des religieuses. En collaboration avec <a href=\"https:\/\/medeor.de\/de\/?gclid=EAIaIQobChMIrMCEi5WQ6wIV0_ZRCh3zDwaGEAAYASAAEgI67_D_BwE\" target=\"_self\">Action Medeor<\/a>, cette pharmacie a re\u00e7u un premier approvisionnement en m\u00e9dicaments puis, les deux ann\u00e9es suivantes, un soutien financier d\u00e9gressif pour l'achat de m\u00e9dicaments. Au bout de trois ans, cette pharmacie \u00e9tait financi\u00e8rement autonome.<\/p>\n<\/div><\/section><\/div>\n<style type=\"text\/css\" data-created_by=\"avia_inline_auto\" id=\"style-css-av-lezwl-2b7eff97737171361a65589bc040bb40\">\n.flex_column.av-lezwl-2b7eff97737171361a65589bc040bb40{\n-webkit-border-radius:0px 0px 0px 0px;\n-moz-border-radius:0px 0px 0px 0px;\nborder-radius:0px 0px 0px 0px;\npadding:0px 0 0px 10%;\n}\n<\/style>\n<div class='flex_column av-lezwl-2b7eff97737171361a65589bc040bb40 av_one_half  avia-builder-el-11  el_after_av_one_half  el_before_av_one_half  first flex_column_div column-top-margin'     ><section  class='av_textblock_section av-k60w-b02aaf5ba09e877398fe611c8d170bde'  itemscope=\"itemscope\" itemtype=\"https:\/\/schema.org\/CreativeWork\" ><div class='avia_textblock'  itemprop=\"text\" ><p>Il en est de m\u00eame pour le projet d'ambulance. En raison de l'\u00e9tendue de la zone d'intervention et de la distance de 150 kilom\u00e8tres qui la s\u00e9pare de l'h\u00f4pital le plus proche \u00e0 Niamey, ce service \u00e9tait absolument indispensable et il fonctionne d\u00e9sormais de mani\u00e8re totalement autonome depuis plusieurs ann\u00e9es.<\/p>\n<\/div><\/section><\/div>\n<style type=\"text\/css\" data-created_by=\"avia_inline_auto\" id=\"style-css-av-qga51-82231812110f9a61b42d686cc6845a80\">\n.flex_column.av-qga51-82231812110f9a61b42d686cc6845a80{\n-webkit-border-radius:0px 0px 0px 0px;\n-moz-border-radius:0px 0px 0px 0px;\nborder-radius:0px 0px 0px 0px;\npadding:0px 10% 0px 0;\n}\n<\/style>\n<div class='flex_column av-qga51-82231812110f9a61b42d686cc6845a80 av_one_half  avia-builder-el-13  el_after_av_one_half  el_before_av_one_full  flex_column_div column-top-margin'     ><p>\n<style type=\"text\/css\" data-created_by=\"avia_inline_auto\" id=\"style-css-av-dr8-3df8c490e038156e7648554f9a191fbd\">\n#top .hr.hr-invisible.av-dr8-3df8c490e038156e7648554f9a191fbd{\nheight:25px;\n}\n<\/style>\n<div  class='hr av-dr8-3df8c490e038156e7648554f9a191fbd hr-invisible  avia-builder-el-14  el_before_av_image  avia-builder-el-first'><span class='hr-inner'><span class=\"hr-inner-style\"><\/span><\/span><\/div><br \/>\n\n<style type=\"text\/css\" data-created_by=\"avia_inline_auto\" id=\"style-css-av-kdpup32o-591721a064ee3eee0ed82ede388fdd5c\">\n.avia-image-container.av-kdpup32o-591721a064ee3eee0ed82ede388fdd5c img.avia_image{\nbox-shadow:none;\n}\n.avia-image-container.av-kdpup32o-591721a064ee3eee0ed82ede388fdd5c .av-image-caption-overlay-center{\ncolor:#ffffff;\n}\n<\/style>\n<div  class='avia-image-container av-kdpup32o-591721a064ee3eee0ed82ede388fdd5c av-styling-no-styling avia_animated_image av-animated-when-visible-95 pop-up avia-align-center  avia-builder-el-15  el_after_av_hr  avia-builder-el-last  av-has-copyright av-copyright-always'   itemprop=\"image\" itemscope=\"itemscope\" itemtype=\"https:\/\/schema.org\/ImageObject\" ><div class=\"avia-image-container-inner\"><div class=\"avia-image-overlay-wrap\"><img decoding=\"async\" class='wp-image-6635 avia-img-lazy-loading-not-6635 avia_image' src=\"https:\/\/pro-humanitaet.de\/wp-content\/uploads\/2020\/08\/aph-niger-ambulanz-beitragsbild.jpg\" alt='Ambulanz Niger' title='Ambulanz Niger'  height=\"480\" width=\"640\"  itemprop=\"thumbnailUrl\" srcset=\"https:\/\/pro-humanitaet.de\/wp-content\/uploads\/2020\/08\/aph-niger-ambulanz-beitragsbild.jpg 640w, https:\/\/pro-humanitaet.de\/wp-content\/uploads\/2020\/08\/aph-niger-ambulanz-beitragsbild-300x225.jpg 300w\" sizes=\"(max-width: 640px) 100vw, 640px\" \/><\/div><small class=\"avia-copyright\">&copy; Aktion Pro Humanit\u00e4t<\/small><\/div><\/div><\/p><\/div>\n<style type=\"text\/css\" data-created_by=\"avia_inline_auto\" id=\"style-css-av-elzot-ba45b285016e23a76ea35fcaaec647d0\">\n.flex_column.av-elzot-ba45b285016e23a76ea35fcaaec647d0{\n-webkit-border-radius:0px 0px 0px 0px;\n-moz-border-radius:0px 0px 0px 0px;\nborder-radius:0px 0px 0px 0px;\npadding:0px 10% 0px 10%;\n}\n<\/style>\n<div class='flex_column av-elzot-ba45b285016e23a76ea35fcaaec647d0 av_one_full  avia-builder-el-16  el_after_av_one_half  avia-builder-el-last  first flex_column_div column-top-margin'     ><p><section  class='av_textblock_section av-k60w-b02aaf5ba09e877398fe611c8d170bde'  itemscope=\"itemscope\" itemtype=\"https:\/\/schema.org\/CreativeWork\" ><div class='avia_textblock'  itemprop=\"text\" ><p>Ces succ\u00e8s sont largement dus au travail approfondi men\u00e9 en amont avec les b\u00e9n\u00e9ficiaires par l'archev\u00each\u00e9, ainsi qu\u2019au travail assidu de l'assistant social, Monsieur Dieudonn\u00e9, qui a pu \u00eatre employ\u00e9 gr\u00e2ce aux dons de la famille Seibt. Il est charg\u00e9 de contr\u00f4ler la construction des puits, de superviser l\u2019activit\u00e9 du dispensaire, les projets pour les femmes, le projet scolaire ainsi que tous les autres projets financ\u00e9s par APH.<\/p>\n<p>La construction d'un nouveau service de soins m\u00e8re-enfant \u00e0 Niamey, la capitale, est en cours. Depuis quelques ann\u00e9es d\u00e9j\u00e0, des religieuses de l'Ordre de Saint-Augustin s'occupaient des m\u00e8res d'enfants malnutris. Avec le temps, cette action s'est \u00e9largie en v\u00e9ritable centre de soins pr\u00e9natals. Un centre d'accouchement y a ensuite \u00e9t\u00e9 construit en 2020. C'est \u00e0 l'entrepreneur H\u00e9l\u00e8ne Keppel de Geldern et \u00e0 l'entreprise Memeti de Kamp-Lintfort qu'APH doit la majeure partie de ces dons.<\/p>\n<p>La construction d'un nouvel h\u00f4pital dans la r\u00e9gion rurale de Makalondi - sur le mod\u00e8le de l'h\u00f4pital de Gohomey au B\u00e9nin - est pr\u00e9vue pour 2022. En ce qui concerne les attaques de l'EI et du terrorisme dans la r\u00e9gion, des accords de s\u00e9curit\u00e9 doivent encore \u00eatre conclus avec l'\u00c9tat nig\u00e9rien. Pour ce faire, l'archev\u00eaque Laurent Lompo est engag\u00e9 sur la voie de la coop\u00e9ration. La fondation Zevens ainsi qu' <a href=\"https:\/\/medeor.de\/de\/?gclid=EAIaIQobChMIrMCEi5WQ6wIV0_ZRCh3zDwaGEAAYASAAEgI67_D_BwE\">Action Medeor<\/a> ont d\u00e9j\u00e0 affirm\u00e9 leur volont\u00e9 de r\u00e9aliser un investissement humanitaire important pour la construction de l'h\u00f4pital ainsi que pour l'\u00e9quipement\u00a0<span class=\"Apple-converted-space\">m\u00e9dico-technique.<\/span><\/p>\n<\/div><\/section><br \/>\n\n<style type=\"text\/css\" data-created_by=\"avia_inline_auto\" id=\"style-css-av-dr8-522199a988477927e8c4fd7e2253fef0\">\n#top .hr.hr-invisible.av-dr8-522199a988477927e8c4fd7e2253fef0{\nheight:50px;\n}\n<\/style>\n<div  class='hr av-dr8-522199a988477927e8c4fd7e2253fef0 hr-invisible  avia-builder-el-18  el_after_av_textblock  avia-builder-el-last'><span class='hr-inner'><span class=\"hr-inner-style\"><\/span><\/span><\/div><\/p><\/div>\n\n<\/div><\/div><\/div><!-- close content main div --><\/div><\/div><div id='project-links-section'  class='avia-section av-2h1s-b2fafc7db7c1a87500b8fc2013983204 alternate_color avia-section-large avia-no-border-styling  avia-builder-el-19  el_after_av_section  avia-builder-el-last  avia-bg-style-scroll container_wrap sidebar_right'  ><div class='container av-section-cont-open' ><div class='template-page content  av-content-small alpha units'><div class='post-entry post-entry-type-page post-entry-653'><div class='entry-content-wrapper clearfix'>\n\n<style type=\"text\/css\" data-created_by=\"avia_inline_auto\" id=\"style-css-av-om16-49603b053088c06551551828238ed421\">\n.flex_column.av-om16-49603b053088c06551551828238ed421{\n-webkit-border-radius:0px 0px 0px 0px;\n-moz-border-radius:0px 0px 0px 0px;\nborder-radius:0px 0px 0px 0px;\npadding:0px 10% 0px 10%;\n}\n<\/style>\n<div class='flex_column av-om16-49603b053088c06551551828238ed421 av_one_full  avia-builder-el-20  el_before_av_masonry_gallery  avia-builder-el-no-sibling  first av-break-at-tablet flex_column_div'     ><section  class='av_textblock_section av-k60w-b02aaf5ba09e877398fe611c8d170bde'  itemscope=\"itemscope\" itemtype=\"https:\/\/schema.org\/CreativeWork\" ><div class='avia_textblock'  itemprop=\"text\" ><h3 style=\"text-align: center;\">Autres projets au Niger<\/h3>\n<\/div><\/section><br \/>\n\n<style type=\"text\/css\" data-created_by=\"avia_inline_auto\" id=\"style-css-av-dr8-522199a988477927e8c4fd7e2253fef0\">\n#top .hr.hr-invisible.av-dr8-522199a988477927e8c4fd7e2253fef0{\nheight:50px;\n}\n<\/style>\n<div  class='hr av-dr8-522199a988477927e8c4fd7e2253fef0 hr-invisible  avia-builder-el-22  el_after_av_textblock  avia-builder-el-last'><span class='hr-inner'><span class=\"hr-inner-style\"><\/span><\/span><\/div><\/p><\/div><div id='av-masonry-1' class='av-masonry av-t9o2-a4435467b8be40747b7c0a18b65337a6 noHover av-fixed-size av-large-gap av-hover-overlay-active av-masonry-animation-active av-masonry-col-4 av-caption-always av-caption-style- av-masonry-gallery' data-post_id=\"653\"><div class=\"av-masonry-container isotope av-js-disabled\"><div class='av-masonry-entry isotope-item av-masonry-item-no-image'><\/div><a href=\"https:\/\/pro-humanitaet.de\/fr\/projekte\/im-niger\/636-2\/\"  aria-label=\"image Brunnenbau\"  id='av-masonry-1-item-5221' data-av-masonry-item='5221' class='av-masonry-entry isotope-item post-5221 attachment type-attachment status-inherit hentry  av-masonry-item-with-image' title=\"Construction de puits\" alt=\"Frauen am Brunnen im Niger\"  data-av-masonry-custom-link=\"https:\/\/pro-humanitaet.de\/?page_id=636\"  itemprop=\"thumbnailUrl\" ><div class='av-inner-masonry-sizer'><\/div><figure class='av-inner-masonry main_color'><div class=\"av-masonry-outerimage-container\"><div class='av-masonry-image-container' style=\"background-image: url(https:\/\/pro-humanitaet.de\/wp-content\/uploads\/2020\/06\/thumbnail_niger_brunnenbau.jpg);\"  title=\"Construction de puits\"   alt=\"Frauen am Brunnen im Niger\" ><\/div><\/div><figcaption class='av-inner-masonry-content site-background'><div class='av-inner-masonry-content-pos'><div class='av-inner-masonry-content-pos-content'><div class='avia-arrow'><\/div><h3 class='av-masonry-entry-title entry-title'  itemprop=\"headline\" >Construction de puits<\/h3><\/div><\/div><\/figcaption><\/figure><\/a><!--end av-masonry entry--><a href=\"https:\/\/pro-humanitaet.de\/fr\/projekte\/im-niger\/bildung\/\"  aria-label=\"image Bildung\"  id='av-masonry-1-item-5220' data-av-masonry-item='5220' class='av-masonry-entry isotope-item post-5220 attachment type-attachment status-inherit hentry  av-masonry-item-with-image' title=\"\u00c9ducation\" alt=\"Kinder im Niger\"  data-av-masonry-custom-link=\"https:\/\/pro-humanitaet.de\/?page_id=650\"  itemprop=\"thumbnailUrl\" ><div class='av-inner-masonry-sizer'><\/div><figure class='av-inner-masonry main_color'><div class=\"av-masonry-outerimage-container\"><div class='av-masonry-image-container' style=\"background-image: url(https:\/\/pro-humanitaet.de\/wp-content\/uploads\/2020\/06\/thumbnail_niger_bildung.jpg);\"  title=\"\u00c9ducation\"   alt=\"Kinder im Niger\" ><\/div><\/div><figcaption class='av-inner-masonry-content site-background'><div class='av-inner-masonry-content-pos'><div class='av-inner-masonry-content-pos-content'><div class='avia-arrow'><\/div><h3 class='av-masonry-entry-title entry-title'  itemprop=\"headline\" >\u00c9ducation<\/h3><\/div><\/div><\/figcaption><\/figure><\/a><!--end av-masonry entry--><a href=\"https:\/\/pro-humanitaet.de\/fr\/projekte\/im-niger\/landwirtschaft\/\"  aria-label=\"image Frauenprojekte\"  id='av-masonry-1-item-5222' data-av-masonry-item='5222' class='av-masonry-entry isotope-item post-5222 attachment type-attachment status-inherit hentry  av-masonry-item-with-image' title=\"Frauenprojekte\" alt=\"Frau auf dem Feld im Niger\"  data-av-masonry-custom-link=\"https:\/\/pro-humanitaet.de\/?page_id=645\"  itemprop=\"thumbnailUrl\" ><div class='av-inner-masonry-sizer'><\/div><figure class='av-inner-masonry main_color'><div class=\"av-masonry-outerimage-container\"><div class='av-masonry-image-container' style=\"background-image: url(https:\/\/pro-humanitaet.de\/wp-content\/uploads\/2020\/06\/thumbnail_niger_landwirtschaft.jpg);\"  title=\"Frauenprojekte\"   alt=\"Frau auf dem Feld im Niger\" ><\/div><\/div><figcaption class='av-inner-masonry-content site-background'><div class='av-inner-masonry-content-pos'><div class='av-inner-masonry-content-pos-content'><div class='avia-arrow'><\/div><h3 class='av-masonry-entry-title entry-title'  itemprop=\"headline\" >Frauenprojekte<\/h3><\/div><\/div><\/figcaption><\/figure><\/a><!--end av-masonry entry--><a href=\"https:\/\/pro-humanitaet.de\/fr\/projekte\/im-niger\/fluechtlingshilfe\/\"  aria-label=\"image Fl\u00fcchtlingshilfe\"  id='av-masonry-1-item-6590' data-av-masonry-item='6590' class='av-masonry-entry isotope-item post-6590 attachment type-attachment status-inherit hentry  av-masonry-item-with-image' title=\"Aide aux r\u00e9fugi\u00e9s\" alt=\"Fl\u00fcchtlinge im Niger\"  data-av-masonry-custom-link=\"https:\/\/pro-humanitaet.de\/?page_id=6186\"  itemprop=\"thumbnailUrl\" ><div class='av-inner-masonry-sizer'><\/div><figure class='av-inner-masonry main_color'><div class=\"av-masonry-outerimage-container\"><div class='av-masonry-image-container' style=\"background-image: url(https:\/\/pro-humanitaet.de\/wp-content\/uploads\/2020\/08\/aph-niger-fluechtlingshilfe-thumbnail.jpg);\"  title=\"Aide aux r\u00e9fugi\u00e9s\"   alt=\"Fl\u00fcchtlinge im Niger\" ><\/div><\/div><figcaption class='av-inner-masonry-content site-background'><div class='av-inner-masonry-content-pos'><div class='av-inner-masonry-content-pos-content'><div class='avia-arrow'><\/div><h3 class='av-masonry-entry-title entry-title'  itemprop=\"headline\" >Aide aux r\u00e9fugi\u00e9s<\/h3><\/div><\/div><\/figcaption><\/figure><\/a><!--end av-masonry entry--><\/div><\/div>\n\n<style type=\"text\/css\" data-created_by=\"avia_inline_auto\" id=\"style-css-av-dr8-4666732cf98343d30d01c69e4f7a75b4\">\n#top .hr.hr-invisible.av-dr8-4666732cf98343d30d01c69e4f7a75b4{\nheight:100px;\n}\n<\/style>\n<div  class='hr av-dr8-4666732cf98343d30d01c69e4f7a75b4 hr-invisible  avia-builder-el-24  el_after_av_masonry_gallery  avia-builder-el-no-sibling'><span class='hr-inner'><span class=\"hr-inner-style\"><\/span><\/span><\/div>\n<\/div><\/div><\/div><!-- close content main div --><\/div><\/div><div id='after_section_2'  class='main_color av_default_container_wrap container_wrap sidebar_right'  ><div class='container av-section-cont-open' ><div class='template-page content  av-content-small alpha units'><div class='post-entry post-entry-type-page post-entry-653'><div class='entry-content-wrapper clearfix'>","protected":false},"excerpt":{"rendered":"","protected":false},"author":6,"featured_media":0,"parent":54,"menu_order":0,"comment_status":"closed","ping_status":"closed","template":"","meta":[],"acf":[],"_links":{"self":[{"href":"https:\/\/pro-humanitaet.de\/fr\/wp-json\/wp\/v2\/pages\/653"}],"collection":[{"href":"https:\/\/pro-humanitaet.de\/fr\/wp-json\/wp\/v2\/pages"}],"about":[{"href":"https:\/\/pro-humanitaet.de\/fr\/wp-json\/wp\/v2\/types\/page"}],"author":[{"embeddable":true,"href":"https:\/\/pro-humanitaet.de\/fr\/wp-json\/wp\/v2\/users\/6"}],"replies":[{"embeddable":true,"href":"https:\/\/pro-humanitaet.de\/fr\/wp-json\/wp\/v2\/comments?post=653"}],"version-history":[{"count":30,"href":"https:\/\/pro-humanitaet.de\/fr\/wp-json\/wp\/v2\/pages\/653\/revisions"}],"predecessor-version":[{"id":8017,"href":"https:\/\/pro-humanitaet.de\/fr\/wp-json\/wp\/v2\/pages\/653\/revisions\/8017"}],"up":[{"embeddable":true,"href":"https:\/\/pro-humanitaet.de\/fr\/wp-json\/wp\/v2\/pages\/54"}],"wp:attachment":[{"href":"https:\/\/pro-humanitaet.de\/fr\/wp-json\/wp\/v2\/media?parent=653"}],"curies":[{"name":"wp","href":"https:\/\/api.w.org\/{rel}","templated":true}]}}